{"id":95,"date":"2018-09-25T18:08:00","date_gmt":"2018-09-25T16:08:00","guid":{"rendered":"https:\/\/obt2018.hu\/?page_id=95"},"modified":"2019-01-18T19:49:58","modified_gmt":"2019-01-18T18:49:58","slug":"szemelyi-dontesek","status":"publish","type":"page","link":"https:\/\/obt2018.hu\/en\/szemelyi-dontesek\/","title":{"rendered":"Personal decisions"},"content":{"rendered":"<p>&nbsp;<\/p>\n<hr \/>\n<p style=\"text-align: center;\">\u201eThe judge is independent in his or her adjudication. Judges are appointed by the<br \/>\nPresident of the Republic. During the selection process, it is necessary to<br \/>\nguarantee that the judicial office is the result of a legally-regulated, open election<br \/>\nprocedure ensuring equal opportunities for all applicants and the best candidate<br \/>\nmay win.\u201d<\/p>\n<hr \/>\n<p>&nbsp;<\/p>\n<p>The law provides NJC with the most and strongest powers in relation to personnel decisions. They all relate to judicial service and leadership appointments, and they intend to compensate for the fact that, in the selection process of judges and executives, not the decision of one person made on subjective, non-professional grounds is dominating but judicial self-management prevails as a result of the wider internal legitimacy control.<\/p>\n<p>Judicial applications shall be published and judged by the President of NOJ, the call for applications shall be published in the official journal and on the central internet site of the courts. Any Hungarian citizen who is thirty years of age, has full legal capacity, does not have a criminal record, has legal university qualification, has passed the bar exam and has worked for at least one year in a legal profession (court secretary, junior prosecutor, attorney-at-law, notary, counsellor etc.) is eligible to be a judge in Hungary. An additional condition is that the person is found suitable for judicial work based on a professional orientation test and agrees on making an asset declaration. Applicants shall be heard by the Judicial Council of the Tribunal or Court of Appeal and shall set points for the applicant under a corresponding Ministerial Decree of Justice. The number of objective points is determined by the length of the service period, qualification, result of the bar exam and other competencies set out in the decree exhaustively. While the other part of the points is determined on the basis of the hearing by the Judicial Council. Based on the aggregated points, the Judicial Council will rank among the applicants. If the president of the tribunal or court of appeal agrees, he\/she will forward the ranking to the president of NOJ, but if he\/she does not agree, he\/she shall forward the documents to the president of NOJ with the reasons for his\/her proposal. The President of NOJ nominates the first ranked candidate to the President of the Republic or, if a judge is ranked first, decides on the transfer of that judge. There is also a legal possibility for a second or third ranked applicant to be appointed, but this is only possible with the agreement of NCJ. NCJ also defines the principles to be taken into consideration in the course of evaluating an application when the recruiting court wishes to fill the vacancy with the second or third candidate of the ranking. In the election procedure for the judges of the Curia, not NOJ, but the president of the Curia is involved, but it is also necessary for NCJ to agree to the deviation from the ranking. [Points b) and c) of paragraph (3) of Article 103 of Act CLXI of 2011]<\/p>\n<p>Judicial leadership positions will also be filled by tenders. The appointment competency of the President of NOJ includes positions of the presidents and vice-presidents of the courts of appeals and tribunals and the leaders of collegium. The assembly of judges of the recruiting court expresses its opinion about the applications, in the case of a head of a collegium, also the collegium, so the assigned judges may express their consent or disagreement with the candidate and the application of the candidate with a secret ballot. If the President of NOJ, or in the case of a collegium of Curia the president of Curia, does not intend to nominate a candidate who has received the majority of the supporting votes or intends to appoint a person who is not supported by most of the judges, the consent of NCJ is required. [Point d) of paragraph (3) of Article 103 of Act CLXI of 2011]<\/p>\n<p>In addition, the NCJ publishes its opinion annually on the appointment practice of the president of NOJ and that of the President of the Curia regarding judges and judiciary leaders and thus exercises a posterior control over the entire appointment procedure. [Point f) of paragraph (3) of Article 103 of the Act CLXI of 2011]<\/p>\n<p>The law stipulates that the same person may serve as a president and deputy up to two consecutive cycles. The reason for this is that the legislator wished that there would be no judicial leadership for a period of more than 12 years, the positions of power would not be fixed. However, there may be a situation when no other candidate is eligible to undertake the position, so in such cases, NJC may consent to the re-appointment of the leader concerned. [Point e) of paragraph (3) of Article 103 of Act CLXI of 2011]<\/p>\n<p>The legislator intended to avoid situations when a judiciary leader is a relative of one of the judges working for the department under his\/her leadership. Therefore the consent of NJC is necessary in each case, based on recent practice this exemption is granted by NJC once and for a definite period of time [Point b) of paragraph (3) of Article 103 of Act CLXI of 2011]<\/p>\n<p>Judges make asset declaration in every third year, based on which their enrichment can be tracked. Judges may perform occupational activities further to their service in a limited extent, and in case their income does not substantiate their enrichment, the judiciary leader submits a proposal to NJC to perform a control procedure the aim of which is to establish the reason of the enrichment. [Point i) of paragraph (3) of Article 103 of Act CLXI of 2011]<\/p>\n<p>The resignation period of the judges is 3 months as per the law, however NJC may consent to the fact that the resignation period can be shorter and may release the judge from service, for the resignation period or a part of it. In case the service of the judge is terminated because of retirement, his\/her resignation period is 6 months and shall be released from service for a period of 3 months, however, based on his\/her request NJC can establish that the period of such release is shorter. [Points k) and l) of paragraph (3) of Article 103 of Act CLXI of 2011]]<\/p>\n<p>Further to that based on the initiative of the President of NJO, NJC decides on the donation of titles, may propose the donation of awards, may award prizes, certificates, plaquettes, furthermore may consent to the donation of certifications awarded by third parties. Among these, the Juh\u00e1sz Andor prize established in 2011 is the most important, of which donation takes place every year on the day of the courts, 15 July. [Point j) of paragraph (3) of Article 103 of Act CLXI of 2011]]<\/p>\n<p>One of the most important powers of NJC, which has not been exercised yet, is that based on personal hearing it expresses a preliminary opinion on the person nominated as the President of NJC and the president of the Curia, who are elected with the two-thirds majority by the National Assembly.<\/p>","protected":false},"excerpt":{"rendered":"<p>&nbsp; \u201eThe judge is independent in his or her adjudication. Judges are appointed by the President of the Republic. During the selection process, it is necessary to guarantee that the judicial office is the result of a legally-regulated, open election procedure ensuring equal opportunities for all applicants and the best candidate may win.\u201d &nbsp; The<br \/><a class=\"moretag\" href=\"https:\/\/obt2018.hu\/en\/szemelyi-dontesek\/\">+ Read More<\/a><\/p>\n","protected":false},"author":1,"featured_media":0,"parent":0,"menu_order":0,"comment_status":"closed","ping_status":"closed","template":"templates\/page-nosidebar_template.php","meta":{"jetpack_post_was_ever_published":false,"footnotes":""},"class_list":["post-95","page","type-page","status-publish","hentry"],"yoast_head":"<!-- This site is optimized with the Yoast SEO plugin v27.2 - https:\/\/yoast.com\/product\/yoast-seo-wordpress\/ -->\n<title>Personal decisions - Orsz\u00e1gos B\u00edr\u00f3i Tan\u00e1cs<\/title>\n<meta name=\"robots\" content=\"index, follow, max-snippet:-1, max-image-preview:large, max-video-preview:-1\" \/>\n<link rel=\"canonical\" href=\"https:\/\/obt2018.hu\/szemelyi-dontesek\/\" \/>\n<meta property=\"og:locale\" content=\"en_US\" \/>\n<meta property=\"og:type\" content=\"article\" \/>\n<meta property=\"og:title\" content=\"[:hu]Szem\u00e9lyi d\u00f6nt\u00e9sek[:en]Personal decisions[:] - Orsz\u00e1gos B\u00edr\u00f3i Tan\u00e1cs\" \/>\n<meta property=\"og:description\" content=\"&nbsp; \u201eThe judge is independent in his or her adjudication. Judges are appointed by the President of the Republic. During the selection process, it is necessary to guarantee that the judicial office is the result of a legally-regulated, open election procedure ensuring equal opportunities for all applicants and the best candidate may win.\u201d &nbsp; The+ Read More\" \/>\n<meta property=\"og:url\" content=\"https:\/\/obt2018.hu\/szemelyi-dontesek\/\" \/>\n<meta property=\"og:site_name\" content=\"Orsz\u00e1gos B\u00edr\u00f3i Tan\u00e1cs\" \/>\n<meta property=\"article:modified_time\" content=\"2019-01-18T18:49:58+00:00\" \/>\n<meta name=\"twitter:card\" content=\"summary_large_image\" \/>\n<meta name=\"twitter:label1\" content=\"Est. reading time\" \/>\n\t<meta name=\"twitter:data1\" content=\"14 minutes\" \/>\n<script type=\"application\/ld+json\" class=\"yoast-schema-graph\">{\"@context\":\"https:\/\/schema.org\",\"@graph\":[{\"@type\":\"WebPage\",\"@id\":\"https:\/\/obt2018.hu\/szemelyi-dontesek\/\",\"url\":\"https:\/\/obt2018.hu\/szemelyi-dontesek\/\",\"name\":\"[:hu]Szem\u00e9lyi d\u00f6nt\u00e9sek[:en]Personal decisions[:] - Orsz\u00e1gos B\u00edr\u00f3i Tan\u00e1cs\",\"isPartOf\":{\"@id\":\"https:\/\/obt2018.hu\/#website\"},\"datePublished\":\"2018-09-25T16:08:00+00:00\",\"dateModified\":\"2019-01-18T18:49:58+00:00\",\"breadcrumb\":{\"@id\":\"https:\/\/obt2018.hu\/szemelyi-dontesek\/#breadcrumb\"},\"inLanguage\":\"en-US\",\"potentialAction\":[{\"@type\":\"ReadAction\",\"target\":[\"https:\/\/obt2018.hu\/szemelyi-dontesek\/\"]}]},{\"@type\":\"BreadcrumbList\",\"@id\":\"https:\/\/obt2018.hu\/szemelyi-dontesek\/#breadcrumb\",\"itemListElement\":[{\"@type\":\"ListItem\",\"position\":1,\"name\":\"Home\",\"item\":\"https:\/\/obt2018.hu\/\"},{\"@type\":\"ListItem\",\"position\":2,\"name\":\"Szem\u00e9lyi d\u00f6nt\u00e9sek\"}]},{\"@type\":\"WebSite\",\"@id\":\"https:\/\/obt2018.hu\/#website\",\"url\":\"https:\/\/obt2018.hu\/\",\"name\":\"OBT 2018\",\"description\":\"Az Orsz\u00e1gos B\u00edr\u00f3i Tan\u00e1cs honlapja\",\"publisher\":{\"@id\":\"https:\/\/obt2018.hu\/#organization\"},\"potentialAction\":[{\"@type\":\"SearchAction\",\"target\":{\"@type\":\"EntryPoint\",\"urlTemplate\":\"https:\/\/obt2018.hu\/?s={search_term_string}\"},\"query-input\":{\"@type\":\"PropertyValueSpecification\",\"valueRequired\":true,\"valueName\":\"search_term_string\"}}],\"inLanguage\":\"en-US\"},{\"@type\":\"Organization\",\"@id\":\"https:\/\/obt2018.hu\/#organization\",\"name\":\"Orsz\u00e1gos B\u00edr\u00f3i Tan\u00e1cs\",\"url\":\"https:\/\/obt2018.hu\/\",\"logo\":{\"@type\":\"ImageObject\",\"inLanguage\":\"en-US\",\"@id\":\"https:\/\/obt2018.hu\/#\/schema\/logo\/image\/\",\"url\":\"https:\/\/obt2018.hu\/wp-content\/uploads\/2018\/10\/logo.png\",\"contentUrl\":\"https:\/\/obt2018.hu\/wp-content\/uploads\/2018\/10\/logo.png\",\"width\":591,\"height\":591,\"caption\":\"Orsz\u00e1gos B\u00edr\u00f3i Tan\u00e1cs\"},\"image\":{\"@id\":\"https:\/\/obt2018.hu\/#\/schema\/logo\/image\/\"}}]}<\/script>\n<!-- \/ Yoast SEO plugin. -->","yoast_head_json":{"title":"[:hu]Szem\u00e9lyi d\u00f6nt\u00e9sek[:en]Personal decisions[:] - Orsz\u00e1gos B\u00edr\u00f3i Tan\u00e1cs","robots":{"index":"index","follow":"follow","max-snippet":"max-snippet:-1","max-image-preview":"max-image-preview:large","max-video-preview":"max-video-preview:-1"},"canonical":"https:\/\/obt2018.hu\/szemelyi-dontesek\/","og_locale":"en_US","og_type":"article","og_title":"[:hu]Szem\u00e9lyi d\u00f6nt\u00e9sek[:en]Personal decisions[:] - Orsz\u00e1gos B\u00edr\u00f3i Tan\u00e1cs","og_description":"&nbsp; \u201eThe judge is independent in his or her adjudication. Judges are appointed by the President of the Republic. During the selection process, it is necessary to guarantee that the judicial office is the result of a legally-regulated, open election procedure ensuring equal opportunities for all applicants and the best candidate may win.\u201d &nbsp; The+ Read More","og_url":"https:\/\/obt2018.hu\/szemelyi-dontesek\/","og_site_name":"Orsz\u00e1gos B\u00edr\u00f3i Tan\u00e1cs","article_modified_time":"2019-01-18T18:49:58+00:00","twitter_card":"summary_large_image","twitter_misc":{"Est. reading time":"14 minutes"},"schema":{"@context":"https:\/\/schema.org","@graph":[{"@type":"WebPage","@id":"https:\/\/obt2018.hu\/szemelyi-dontesek\/","url":"https:\/\/obt2018.hu\/szemelyi-dontesek\/","name":"[:hu]Szem\u00e9lyi d\u00f6nt\u00e9sek[:en]Personal decisions[:] - Orsz\u00e1gos B\u00edr\u00f3i Tan\u00e1cs","isPartOf":{"@id":"https:\/\/obt2018.hu\/#website"},"datePublished":"2018-09-25T16:08:00+00:00","dateModified":"2019-01-18T18:49:58+00:00","breadcrumb":{"@id":"https:\/\/obt2018.hu\/szemelyi-dontesek\/#breadcrumb"},"inLanguage":"en-US","potentialAction":[{"@type":"ReadAction","target":["https:\/\/obt2018.hu\/szemelyi-dontesek\/"]}]},{"@type":"BreadcrumbList","@id":"https:\/\/obt2018.hu\/szemelyi-dontesek\/#breadcrumb","itemListElement":[{"@type":"ListItem","position":1,"name":"Home","item":"https:\/\/obt2018.hu\/"},{"@type":"ListItem","position":2,"name":"Szem\u00e9lyi d\u00f6nt\u00e9sek"}]},{"@type":"WebSite","@id":"https:\/\/obt2018.hu\/#website","url":"https:\/\/obt2018.hu\/","name":"OBT 2018","description":"Az Orsz\u00e1gos B\u00edr\u00f3i Tan\u00e1cs honlapja","publisher":{"@id":"https:\/\/obt2018.hu\/#organization"},"potentialAction":[{"@type":"SearchAction","target":{"@type":"EntryPoint","urlTemplate":"https:\/\/obt2018.hu\/?s={search_term_string}"},"query-input":{"@type":"PropertyValueSpecification","valueRequired":true,"valueName":"search_term_string"}}],"inLanguage":"en-US"},{"@type":"Organization","@id":"https:\/\/obt2018.hu\/#organization","name":"Orsz\u00e1gos B\u00edr\u00f3i Tan\u00e1cs","url":"https:\/\/obt2018.hu\/","logo":{"@type":"ImageObject","inLanguage":"en-US","@id":"https:\/\/obt2018.hu\/#\/schema\/logo\/image\/","url":"https:\/\/obt2018.hu\/wp-content\/uploads\/2018\/10\/logo.png","contentUrl":"https:\/\/obt2018.hu\/wp-content\/uploads\/2018\/10\/logo.png","width":591,"height":591,"caption":"Orsz\u00e1gos B\u00edr\u00f3i Tan\u00e1cs"},"image":{"@id":"https:\/\/obt2018.hu\/#\/schema\/logo\/image\/"}}]}},"jetpack_sharing_enabled":true,"jetpack_shortlink":"https:\/\/wp.me\/PfwhB4-1x","jetpack-related-posts":[{"id":106,"url":"https:\/\/obt2018.hu\/en\/tortenetunk\/","url_meta":{"origin":95,"position":0},"title":"Our story","author":"szgabor1976","date":"Tuesday September 25th, 2018","format":false,"excerpt":"2018. november \u00a0 2018.11.26. A Magyar Tudom\u00e1nyos Akad\u00e9mia Jogtudom\u00e1nyi Int\u00e9zete angol nyelv\u0171 konferenci\u00e1t rendezett b\u00edr\u00f3s\u00e1gi igazgat\u00e1si modellek t\u00e9m\u00e1j\u00e1ban, amelyen r\u00e9szt vett dr. Matusik Tam\u00e1s \u00e9s dr. Vad\u00e1sz Viktor OBT tagok. 2018.11.15-17. A Magyar Orsz\u00e1gos K\u00f6zjegyz\u0151i Kamara 30. Region\u00e1lis Kollokvium\u00e1n dr. Csontos Katalin, dr. Matusik Tam\u00e1s \u00e9s dr. Vad\u00e1sz Viktor k\u00e9pviselte\u2026","rel":"","context":"Similar post","block_context":{"text":"Similar post","link":""},"img":{"alt_text":"","src":"","width":0,"height":0},"classes":[]},{"id":118,"url":"https:\/\/obt2018.hu\/en\/tevekenysegek\/","url_meta":{"origin":95,"position":1},"title":"Tev\u00e9kenys\u00e9gek","author":"szgabor1976","date":"Tuesday September 25th, 2018","format":false,"excerpt":"","rel":"","context":"Similar post","block_context":{"text":"Similar post","link":""},"img":{"alt_text":"","src":"","width":0,"height":0},"classes":[]},{"id":69,"url":"https:\/\/obt2018.hu\/en\/2018-2\/","url_meta":{"origin":95,"position":2},"title":"2018","author":"szgabor1976","date":"Tuesday September 25th, 2018","format":false,"excerpt":"\u00a0 2018. I. f\u00e9l\u00e9vre tervezett napirendi pontok: OBT m\u0171k\u00f6d\u00e9s\u00e9vel kapcsolatos el\u0151terjeszt\u00e9sek: az OBT m\u0171k\u00f6d\u00e9si felt\u00e9teleinek biztos\u00edt\u00e1sa, szervezeti \u00e9s m\u0171k\u00f6d\u00e9si szab\u00e1lyzat\u00e1nak m\u00f3dos\u00edt\u00e1sa az OBT hat\u00e1rozatainak, aj\u00e1nl\u00e1sainak deregul\u00e1ci\u00f3ja OBT iroda \u00fcgyviteli szab\u00e1lyzata Besz\u00e1mol\u00f3k, v\u00e9lem\u00e9nyez\u00e9sek: OBH eln\u00f6k f\u00e9l\u00e9ves besz\u00e1mol\u00f3j\u00e1nak megt\u00e1rgyal\u00e1sa a Szolg\u00e1lati B\u00edr\u00f3s\u00e1g eln\u00f6ke besz\u00e1mol\u00f3j\u00e1nak j\u00f3v\u00e1hagy\u00e1sa a V\u00e9grehajt\u00f3i Fegyelmi B\u00edr\u00f3s\u00e1g eln\u00f6ke besz\u00e1mol\u00f3j\u00e1nak j\u00f3v\u00e1hagy\u00e1sa\u2026","rel":"","context":"Similar post","block_context":{"text":"Similar post","link":""},"img":{"alt_text":"","src":"","width":0,"height":0},"classes":[]},{"id":2434,"url":"https:\/\/obt2018.hu\/en\/2023-2\/","url_meta":{"origin":95,"position":3},"title":"(Magyar) 2023","author":"szgabor1976","date":"Wednesday January  4th, 2023","format":false,"excerpt":"Sorry, this entry is only available in Magyar.","rel":"","context":"Similar post","block_context":{"text":"Similar post","link":""},"img":{"alt_text":"","src":"","width":0,"height":0},"classes":[]},{"id":12,"url":"https:\/\/obt2018.hu\/en\/hitvallas\/","url_meta":{"origin":95,"position":4},"title":"Credo","author":"szgabor1976","date":"Tuesday September 25th, 2018","format":false,"excerpt":"\u00a0 \u201eWe, the members of the National Judicial Council established on 30 January 2018, declare that in our function representingthe judiciary that elected us democratically,we intend toact in order to ensure impartial justice based on the independence of the judiciary. In fulfilment of our constitutional obligations our first priority is\u2026","rel":"","context":"Similar post","block_context":{"text":"Similar post","link":""},"img":{"alt_text":"","src":"","width":0,"height":0},"classes":[]},{"id":14,"url":"https:\/\/obt2018.hu\/en\/tagok\/","url_meta":{"origin":95,"position":5},"title":"Tagok","author":"szgabor1976","date":"Tuesday September 25th, 2018","format":false,"excerpt":"\u201eAz OBT 14 b\u00edr\u00f3 tagj\u00e1t a b\u00edr\u00e1k k\u00fcld\u00f6tt\u00e9rtekezlete a k\u00fcld\u00f6ttek k\u00f6z\u00fcl titkosan, szavazatt\u00f6bbs\u00e9ggel v\u00e1lasztja meg.\u201d Az OBT tagjai tiszts\u00e9g\u00fcket ellent\u00e9telez\u00e9s n\u00e9lk\u00fcl, b\u00edr\u00f3i munk\u00e1juk mellett l\u00e1tj\u00e1k el, azonban feladataik ell\u00e1t\u00e1s\u00e1hoz sz\u00fcks\u00e9ges m\u00e9rt\u00e9kben mentes\u00edteni kell \u0151ket a b\u00edr\u00f3i munka al\u00f3l. A v\u00e1lasztott tiszts\u00e9g bet\u00f6lt\u00e9se beoszt\u00e1sukra \u00e9s a munk\u00e1ltat\u00f3i jogok gyakorl\u00e1s\u00e1ra nincs kihat\u00e1ssal,\u2026","rel":"","context":"Similar post","block_context":{"text":"Similar post","link":""},"img":{"alt_text":"","src":"","width":0,"height":0},"classes":[]}],"jetpack_likes_enabled":true,"_links":{"self":[{"href":"https:\/\/obt2018.hu\/en\/wp-json\/wp\/v2\/pages\/95","targetHints":{"allow":["GET"]}}],"collection":[{"href":"https:\/\/obt2018.hu\/en\/wp-json\/wp\/v2\/pages"}],"about":[{"href":"https:\/\/obt2018.hu\/en\/wp-json\/wp\/v2\/types\/page"}],"author":[{"embeddable":true,"href":"https:\/\/obt2018.hu\/en\/wp-json\/wp\/v2\/users\/1"}],"replies":[{"embeddable":true,"href":"https:\/\/obt2018.hu\/en\/wp-json\/wp\/v2\/comments?post=95"}],"version-history":[{"count":2,"href":"https:\/\/obt2018.hu\/en\/wp-json\/wp\/v2\/pages\/95\/revisions"}],"predecessor-version":[{"id":921,"href":"https:\/\/obt2018.hu\/en\/wp-json\/wp\/v2\/pages\/95\/revisions\/921"}],"wp:attachment":[{"href":"https:\/\/obt2018.hu\/en\/wp-json\/wp\/v2\/media?parent=95"}],"curies":[{"name":"wp","href":"https:\/\/api.w.org\/{rel}","templated":true}]}}